{"id":7674,"date":"2020-11-09T16:55:19","date_gmt":"2020-11-09T15:55:19","guid":{"rendered":"http:\/\/orfix.netzkunst24.de\/?page_id=7674"},"modified":"2025-12-03T19:54:00","modified_gmt":"2025-12-03T18:54:00","slug":"ecologie","status":"publish","type":"page","link":"https:\/\/www.orfix.com\/fr\/a-propos-de-nous\/ecologie\/","title":{"rendered":"Concept de l&#8217;\u00e9cologie"},"content":{"rendered":"<div class=\"wp-bootstrap-blocks-container container-fluid mb-5 custom_container custom_container--big custom_container--banner\">\n\t\n<div class=\"wp-bootstrap-blocks-row row custom_row custom_row--center\">\n\t\n\n<div class=\"col-12 col-md-12 custom_slider custom_slider__banner custom-banner-img\">\n\t\t\t\n\n<figure class=\"wp-block-image size-full desktop-banner\"><img loading=\"lazy\" decoding=\"async\" width=\"2560\" height=\"692\" src=\"https:\/\/www.orfix.com\/wp-content\/uploads\/2024\/06\/orfix_Header_Banner_eco-concept_FR_1024x277-scaled.jpg\" alt=\"Concept \u00e9cologique orfix avec ic\u00f4nes de s\u00e9curit\u00e9 et durabilit\u00e9.\" class=\"wp-image-28341\" srcset=\"https:\/\/www.orfix.com\/wp-content\/uploads\/2024\/06\/orfix_Header_Banner_eco-concept_FR_1024x277-scaled.jpg 2560w, https:\/\/www.orfix.com\/wp-content\/uploads\/2024\/06\/orfix_Header_Banner_eco-concept_FR_1024x277-768x208.jpg 768w, https:\/\/www.orfix.com\/wp-content\/uploads\/2024\/06\/orfix_Header_Banner_eco-concept_FR_1024x277-1536x415.jpg 1536w, https:\/\/www.orfix.com\/wp-content\/uploads\/2024\/06\/orfix_Header_Banner_eco-concept_FR_1024x277-2048x554.jpg 2048w\" sizes=\"auto, (max-width: 2560px) 100vw, 2560px\" \/><\/figure>\n\n\n\n\n\t<\/div>\n\n<\/div>\n\n\n<div class=\"wp-bootstrap-blocks-row row custom_row custom_row--center\">\n\t\n\n<div class=\"col-12 col-md-12 custom_slider custom_slider__banner custom-banner-img\">\n\t\t\t\n\n<figure class=\"wp-block-image size-full mobile-banner\"><img loading=\"lazy\" decoding=\"async\" width=\"2560\" height=\"2021\" src=\"https:\/\/www.orfix.com\/wp-content\/uploads\/2024\/06\/orfix_Mobile_Banner_Eco_Concept_FR_760x650-scaled.jpg\" alt=\"Globe en verre sur fond de verdure symbolisant l'engagement \u00e9cologique d'orfix\" class=\"wp-image-28348\" srcset=\"https:\/\/www.orfix.com\/wp-content\/uploads\/2024\/06\/orfix_Mobile_Banner_Eco_Concept_FR_760x650-scaled.jpg 2560w, https:\/\/www.orfix.com\/wp-content\/uploads\/2024\/06\/orfix_Mobile_Banner_Eco_Concept_FR_760x650-768x606.jpg 768w, https:\/\/www.orfix.com\/wp-content\/uploads\/2024\/06\/orfix_Mobile_Banner_Eco_Concept_FR_760x650-1536x1213.jpg 1536w, https:\/\/www.orfix.com\/wp-content\/uploads\/2024\/06\/orfix_Mobile_Banner_Eco_Concept_FR_760x650-2048x1617.jpg 2048w\" sizes=\"auto, (max-width: 2560px) 100vw, 2560px\" \/><\/figure>\n\n\n\n\n\t<\/div>\n\n<\/div>\n\n<\/div>\n\n\n<div class=\"wp-bootstrap-blocks-container container-fluid mb-3 custom_container custom_container--small\">\n\t\n<div class=\"wp-bootstrap-blocks-row row\">\n\t\n\n<div class=\"col-12\">\n\t\t\t\n\n<h1 class=\"wp-block-heading\" style=\"font-size:30px\">Concept de l&#8217;\u00e9cologie &#8211; Plus de valeur gr\u00e2ce \u00e0 la durabilit\u00e9<\/h1>\n\n\t<\/div>\n\n\n\n<div class=\"col-12 col-md-12\">\n\t\t\t\n\n<h2 class=\"wp-block-heading\">Preambule&nbsp;<\/h2>\n\n\n\n<p>En p\u00e9riode de changement climatique, de p\u00e9nurie mondiale de ressources et de mise en danger des fondements naturels de la vie, les actions sociales et individuelles doivent toujours \u00eatre mesur\u00e9es \u00e0 l&#8217;aune du principe de durabilit\u00e9.<\/p>\n\n\n\n<p>L&#8217;image de l&#8217;entreprise orfix International GmbH comprend la perception consciente de la responsabilit\u00e9 sociale ainsi que la gestion consciencieuse des ressources et de l&#8217;environnement au-del\u00e0 des exigences l\u00e9gales.<\/p>\n\n\n\n<p>Les lignes directrices suivantes servent de base.<\/p>\n\n\t<\/div>\n\n<\/div>\n\n<\/div>\n\n\n<div class=\"wp-bootstrap-blocks-container container-fluid mb-3 custom_container custom_container--small\">\n\t\n<div class=\"wp-bootstrap-blocks-row row\">\n\t\n\n<div class=\"col-12\">\n\t\t\t\n\n<h2 class=\"wp-block-heading\">Consommation des ressources&nbsp;<\/h2>\n\n\n\n<p>La priorit\u00e9 est d&#8217;utiliser toutes les ressources (mati\u00e8res premi\u00e8res, \u00e9nergie, espace) de mani\u00e8re efficace et \u00e9conomique. L&#8217;entreprise s&#8217;efforce de r\u00e9duire l&#8217;utilisation des mat\u00e9riaux, de r\u00e9aliser un niveau \u00e9lev\u00e9 de recyclage et de pr\u00e9f\u00e9rer les produits recycl\u00e9s lors de l&#8217;achat de nouveaux produits.<\/p>\n\n\t<\/div>\n\n<\/div>\n\n<\/div>\n\n\n<div class=\"wp-bootstrap-blocks-container container-fluid mb-3 custom_container custom_container--small\">\n\t\n<div class=\"wp-bootstrap-blocks-row row\">\n\t\n\n<div class=\"col-12\">\n\t\t\t\n\n<h2 class=\"wp-block-heading\"><a><span class=\"has-inline-color has-black-color\">Pollution environnementale<\/span><\/a>&nbsp;&nbsp;<\/h2>\n\n\n\n<p>orfix International s&#8217;efforce constamment d&#8217;\u00e9viter d\u00e8s le d\u00e9part les effets n\u00e9gatifs sur l&#8217;environnement (eaux us\u00e9es, bruit, d\u00e9chets, air vici\u00e9) ou &#8211; si cela n&#8217;est pas possible &#8211; de les r\u00e9duire au minimum.&nbsp;<\/p>\n\n\t<\/div>\n\n\n\n<div class=\"col-12\">\n\t\t\t\t<\/div>\n\n<\/div>\n\n<\/div>\n\n\n<div class=\"wp-bootstrap-blocks-container container-fluid mb-3 custom_container custom_container--small\">\n\t\n<div class=\"wp-bootstrap-blocks-row row\">\n\t\n\n<div class=\"col-12\">\n\t\t\t\n\n<h2 class=\"wp-block-heading\">Formation et implication des salari\u00e9s&nbsp;<\/h2>\n\n\n\n<p>Des employ\u00e9s motiv\u00e9s et qualifi\u00e9s contribuent de mani\u00e8re significative au succ\u00e8s de l&#8217;entreprise. orfix International offre \u00e0 ses employ\u00e9s des formations avanc\u00e9es sur le plan technique ainsi que dans le domaine du d\u00e9veloppement de la personnalit\u00e9.<\/p>\n\n\n\n<p>Le CIP (Continuous Improvement Process) est form\u00e9 dans tous les services et permet de s&#8217;assurer que les employ\u00e9s sont impliqu\u00e9s dans leurs domaines respectifs et invit\u00e9s \u00e0 identifier, communiquer et mettre en \u0153uvre les am\u00e9liorations possibles.<\/p>\n\n\t<\/div>\n\n<\/div>\n\n<\/div>\n\n\n<div class=\"wp-bootstrap-blocks-container container-fluid mb-3 custom_container custom_container--small\">\n\t\n<div class=\"wp-bootstrap-blocks-row row\">\n\t\n\n<div class=\"col-12\">\n\t\t\t\n\n<h2 class=\"wp-block-heading\">Financement de projets<\/h2>\n\n\n\n<p>La direction d&#8217;orfix International prend la responsabilit\u00e9, coordonne et soutient financi\u00e8rement des projets ayant pour objectif le d\u00e9veloppement durable. Une grande importance est accord\u00e9e \u00e0 l&#8217;id\u00e9e d&#8217;interdisciplinarit\u00e9 et elle est incluse comme crit\u00e8re dans les d\u00e9cisions relatives aux d\u00e9penses d&#8217;investissement.<\/p>\n\n\t<\/div>\n\n<\/div>\n\n<\/div>\n\n\n<div class=\"wp-bootstrap-blocks-container container-fluid mb-3 custom_container custom_container--small\">\n\t\n<div class=\"wp-bootstrap-blocks-row row\">\n\t\n\n<div class=\"col-12\">\n\t\t\t\n\n<h2 class=\"wp-block-heading\">March\u00e9s publics et investissements<\/h2>\n\n\n\n<p>Les crit\u00e8res de durabilit\u00e9 sont respect\u00e9s pour les investissements et les achats de toute nature, y compris les mati\u00e8res premi\u00e8res. Les variantes respectueuses de l&#8217;environnement sont privil\u00e9gi\u00e9es.<\/p>\n\n\n\n<p>En outre, l&#8217;entreprise souhaite encourager ses fournisseurs et ses partenaires contractuels \u00e0 am\u00e9liorer l&#8217;environnement.<\/p>\n\n\t<\/div>\n\n<\/div>\n\n<\/div>\n\n\n<div class=\"wp-bootstrap-blocks-container container-fluid mb-3 custom_container custom_container--small\">\n\t\n<div class=\"wp-bootstrap-blocks-row row\">\n\t\n\n<div class=\"col-12\">\n\t\t\t\n\n<h2 class=\"wp-block-heading\">Le plastique dans l&#8217;emballage&nbsp;<\/h2>\n\n\n\n<p>Les plastiques utilis\u00e9s pour les sacs de s\u00e9curit\u00e9 doivent r\u00e9pondre \u00e0 des exigences l\u00e9gales nationales et internationales strictes.<\/p>\n\n\n\n<p>Le plastique utilis\u00e9 r\u00e9pond \u00e0 ces exigences et s&#8217;est impos\u00e9 comme un mat\u00e9riau d&#8217;emballage presque indispensable. Sa polyvalence se manifeste de diverses mani\u00e8res, par exemple avec des films d&#8217;emballage minces mais s\u00fbrs. En optimisant les mati\u00e8res premi\u00e8res, l&#8217;\u00e9paisseur du film doit \u00eatre r\u00e9duite afin d&#8217;utiliser le moins de mati\u00e8res premi\u00e8res possible.<\/p>\n\n\n\n<p>Le plastique est l\u00e9ger. Un emballage l\u00e9ger signifie moins de poids pendant le transport. Et moins on en transporte, moins on a besoin d&#8217;\u00e9nergie pour ce transport. Une contribution efficace \u00e0 la protection des ressources et du climat.<\/p>\n\n\t<\/div>\n\n<\/div>\n\n<\/div>\n\n\n<div class=\"wp-bootstrap-blocks-container container-fluid mb-5 custom_container custom_container--small\">\n\t\n<div class=\"wp-bootstrap-blocks-row row\">\n\t\n\n<div class=\"col-12\">\n\t\t\t\n\n<h2 class=\"wp-block-heading\">R\u00e9alisation&nbsp;<\/h2>\n\n\n\n<p>Dans toutes les mesures structurelles, les aspects \u00e9cologiques sont pr\u00e9vus d\u00e8s le d\u00e9part. L&#8217;utilisation de mat\u00e9riaux respectueux de l&#8217;environnement, l&#8217;utilisation optimale de l&#8217;espace et une gestion future efficace des ressources sont recherch\u00e9es.&nbsp;<\/p>\n\n\n\n<p>L&#8217;entretien des espaces verts et des plans d&#8217;eau se fait \u00e9galement dans le respect de l&#8217;environnement. La production et l&#8217;utilisation d&#8217;\u00e9nergies renouvelables sont hautement prioritaires. \u00c0 long terme, on recherche un approvisionnement \u00e9nerg\u00e9tique aussi autonome que possible.<\/p>\n\n\n\n<p>Octobre&nbsp;2020 <\/p>\n\n\t<\/div>\n\n<\/div>\n\n<\/div>\n\n\n<div class=\"wp-bootstrap-blocks-container container-fluid mb-5 custom_container custom_container--middle\">\n\t\n<div class=\"wp-bootstrap-blocks-row row custom-row__cta-contact\">\n\t\n\n<div class=\"col-12 col-md-6\">\n\t\t\t\n\n<figure class=\"wp-block-image size-large advgb-dyn-438cc30b\"><img loading=\"lazy\" decoding=\"async\" width=\"471\" height=\"344\" src=\"https:\/\/www.orfix.com\/wp-content\/uploads\/2020\/10\/shutterstock_116283283_471x344px.jpg\" alt=\"\" class=\"wp-image-3327\" srcset=\"https:\/\/www.orfix.com\/wp-content\/uploads\/2020\/10\/shutterstock_116283283_471x344px.jpg 471w, https:\/\/www.orfix.com\/wp-content\/uploads\/2020\/10\/shutterstock_116283283_471x344px-300x219.jpg 300w, https:\/\/www.orfix.com\/wp-content\/uploads\/2020\/10\/shutterstock_116283283_471x344px-24x18.jpg 24w, https:\/\/www.orfix.com\/wp-content\/uploads\/2020\/10\/shutterstock_116283283_471x344px-36x26.jpg 36w, https:\/\/www.orfix.com\/wp-content\/uploads\/2020\/10\/shutterstock_116283283_471x344px-48x35.jpg 48w\" sizes=\"auto, (max-width: 471px) 100vw, 471px\" \/><figcaption class=\"wp-element-caption\"><strong>Contactez nous<\/strong><\/figcaption><\/figure>\n\n\t<\/div>\n\n\n\n<div class=\"col-12 col-md-6\">\n\t\t\t\n<div class=\"employeeblock\">\n    <figure class=\"employeeblock__item employeeblock__item--img\">\n        <img decoding=\"async\" src=\"\" alt=\"\" \/>\n    <\/figure>\n    <div class=\"employeeblock__item employeeblock__item--content\">\n        <h2 class=\"name\">Service client\u00e8le<\/h2>\n        <p class=\"position\"><\/p>\n        <p><a class=\"link link--has-icon link--has-icon--mail\" href=\"mailto:info@orfix.fr\">info@orfix.fr<\/a><\/p>\n        <p><a class=\"link link--has-icon link--has-icon--tel\" href=\"tel:0820229099\">0820 22 90 99<\/a><\/p>\n    <\/div>\n<\/div>\n\n\t<\/div>\n\n<\/div>\n\n<\/div>\n\n\n\n<div style=\"height:20px\" aria-hidden=\"true\" class=\"wp-block-spacer\"><\/div>\n\n\n\n<figure class=\"wp-block-image size-full\"><img loading=\"lazy\" decoding=\"async\" width=\"2048\" height=\"600\" src=\"https:\/\/www.orfix.com\/wp-content\/uploads\/2024\/05\/orfix-Karte-2025-en.jpg\" alt=\"\" class=\"wp-image-32957\" srcset=\"https:\/\/www.orfix.com\/wp-content\/uploads\/2024\/05\/orfix-Karte-2025-en.jpg 2048w, https:\/\/www.orfix.com\/wp-content\/uploads\/2024\/05\/orfix-Karte-2025-en-768x225.jpg 768w, https:\/\/www.orfix.com\/wp-content\/uploads\/2024\/05\/orfix-Karte-2025-en-1536x450.jpg 1536w\" sizes=\"auto, (max-width: 2048px) 100vw, 2048px\" \/><\/figure>\n\n\n\n<p class=\"has-medium-font-size\">Nous serions heureux de vous conseiller individuellement !<br><strong>Votre partenaire comp\u00e9tent avec une gamme compl\u00e8te pour tous ceux qui comptent, emballe, transporte ou stocke de l&#8217;argent liquide.<\/strong><\/p>\n\n\n\n<div style=\"height:20px\" aria-hidden=\"true\" class=\"wp-block-spacer\"><\/div>\n\n\n\n<div class=\"wp-block-buttons cta-banner-content__item is-layout-flex wp-block-buttons-is-layout-flex\">\n<div class=\"wp-block-button is-style-outline is-style-outline--1 advgb-dyn-7c74c908\"><a class=\"wp-block-button__link has-text-color has-medium-font-size has-custom-font-size wp-element-button\" href=\"https:\/\/www.orfix.com\/fr\/contact\/\" style=\"border-radius:1px;color:#ba0c2f\" target=\"_blank\" rel=\"noreferrer noopener\"><strong>Nous contacter<\/strong><\/a><\/div>\n\n\n\n<div class=\"wp-block-button btn__bg--red advgb-dyn-dacbcd5c\"><a class=\"wp-block-button__link has-white-color has-text-color has-background has-medium-font-size has-custom-font-size wp-element-button\" href=\"https:\/\/www.orfix.com\/fr\/domaines-dexcellence-produits\/\" style=\"border-radius:1px;background-color:#ba0c2f\" target=\"_blank\" rel=\"noreferrer noopener\"><strong>Produits<\/strong><\/a><\/div>\n\n\n\n<div class=\"wp-block-button btn__bg--red advgb-dyn-353d03d7\"><a class=\"wp-block-button__link has-white-color has-text-color has-background has-medium-font-size has-custom-font-size wp-element-button\" href=\"https:\/\/orfix.fr\/\" style=\"border-radius:1px;background-color:#ba0c2f\" target=\"_blank\" rel=\"noreferrer noopener\"><strong>Magasin en ligne<\/strong><\/a><\/div>\n<\/div>\n\n\n\n<div style=\"height:20px\" aria-hidden=\"true\" class=\"wp-block-spacer\"><\/div>\n","protected":false},"excerpt":{"rendered":"<p><a class=\"btn btn-secondary understrap-read-more-link\" href=\"https:\/\/www.orfix.com\/fr\/a-propos-de-nous\/ecologie\/\">Lire la suite&#8230;<\/a><\/p>\n","protected":false},"author":36,"featured_media":0,"parent":1425,"menu_order":3,"comment_status":"closed","ping_status":"closed","template":"","meta":{"_acf_changed":false,"om_disable_all_campaigns":false,"inline_featured_image":false,"advgb_blocks_editor_width":"","advgb_blocks_columns_visual_guide":"","_monsterinsights_skip_tracking":false,"_monsterinsights_sitenote_active":false,"_monsterinsights_sitenote_note":"","_monsterinsights_sitenote_category":0,"_uf_show_specific_survey":0,"_uf_disable_surveys":false,"footnotes":""},"class_list":["post-7674","page","type-page","status-publish","hentry"],"acf":[],"aioseo_notices":[],"coauthors":[],"author_meta":{"author_link":"https:\/\/www.orfix.com\/fr\/author\/mgendelmeyer\/","display_name":"Malte Gendelmeyer"},"relative_dates":{"created":"Publi\u00e9 5 ans il y a","modified":"Mis \u00e0 jour 5 mois il y a"},"absolute_dates":{"created":"Publi\u00e9 le 9. novembre 2020","modified":"Mise \u00e0 jour le 3. d\u00e9cembre 2025"},"absolute_dates_time":{"created":"Publi\u00e9 le 9. novembre 2020 16:55","modified":"Mise \u00e0 jour le 3. d\u00e9cembre 2025 19:54"},"featured_img_caption":"","featured_img":false,"series_order":"","_links":{"self":[{"href":"https:\/\/www.orfix.com\/fr\/wp-json\/wp\/v2\/pages\/7674","targetHints":{"allow":["GET"]}}],"collection":[{"href":"https:\/\/www.orfix.com\/fr\/wp-json\/wp\/v2\/pages"}],"about":[{"href":"https:\/\/www.orfix.com\/fr\/wp-json\/wp\/v2\/types\/page"}],"author":[{"embeddable":true,"href":"https:\/\/www.orfix.com\/fr\/wp-json\/wp\/v2\/users\/36"}],"replies":[{"embeddable":true,"href":"https:\/\/www.orfix.com\/fr\/wp-json\/wp\/v2\/comments?post=7674"}],"version-history":[{"count":9,"href":"https:\/\/www.orfix.com\/fr\/wp-json\/wp\/v2\/pages\/7674\/revisions"}],"predecessor-version":[{"id":32413,"href":"https:\/\/www.orfix.com\/fr\/wp-json\/wp\/v2\/pages\/7674\/revisions\/32413"}],"up":[{"embeddable":true,"href":"https:\/\/www.orfix.com\/fr\/wp-json\/wp\/v2\/pages\/1425"}],"wp:attachment":[{"href":"https:\/\/www.orfix.com\/fr\/wp-json\/wp\/v2\/media?parent=7674"}],"curies":[{"name":"wp","href":"https:\/\/api.w.org\/{rel}","templated":true}]}}